{"id":2854,"date":"2020-07-23T11:38:19","date_gmt":"2020-07-23T09:38:19","guid":{"rendered":"https:\/\/oke.jaworzno.pl\/www3\/?page_id=2854"},"modified":"2025-08-19T08:42:44","modified_gmt":"2025-08-19T06:42:44","slug":"egzaminy-eksternistyczne-z-ksztalcenia-ogolnego","status":"publish","type":"page","link":"https:\/\/oke.jaworzno.pl\/www3\/egzaminy-eksternistyczne-z-ksztalcenia-ogolnego\/","title":{"rendered":"Egzaminy eksternistyczne z kszta\u0142cenia og\u00f3lnego"},"content":{"rendered":"\n<p>Warunki dopuszczenia do egzamin\u00f3w eksternistycznych oraz warunki i tryb przeprowadzenia egzamin\u00f3w reguluje Rozporz\u0105dzenie Ministra Edukacji Narodowej z dnia 30 sierpnia 2019 r.&nbsp;<em>w sprawie egzamin\u00f3w<\/em>&nbsp;<em>eksternistycznych<\/em>&nbsp;(Dz.U. 2019, poz. 1717).<\/p>\n\n\n\n<p>Egzaminy eksternistyczne przeznaczone s\u0105 dla os\u00f3b doros\u0142ych, kt\u00f3re decyduj\u0105 si\u0119 na samodzielne przygotowanie do egzamin\u00f3w.<\/p>\n\n\n\n<p>Egzaminy eksternistyczne z zakresu obowi\u0105zkowych zaj\u0119\u0107 edukacyjnych okre\u015blonych w ramowym programie nauczania przeprowadza si\u0119 (Art. 272 ust. 1-5 ustawy z dnia 14 grudnia 2016 r.&nbsp;<em>Przepisy wprowadzaj\u0105ce ustaw\u0119 &#8211; Prawo<\/em>&nbsp;<em>O\u015bwiatowe&nbsp;<\/em>(Dz. U. z 2017 r., poz. 60):<\/p>\n\n\n\n<ul class=\"wp-block-list\">\n<li>od 1 pa\u017adziernika 2019 r. dla o\u015bmioletniej szko\u0142y podstawowej dla doros\u0142ych,<\/li>\n\n\n\n<li>do 31 pa\u017adziernika 2019 r. dla gimnazjum dla doros\u0142ych,<\/li>\n\n\n\n<li>do 28 lutego 2023 r. dla trzyletniego liceum og\u00f3lnokszta\u0142c\u0105cego dla doros\u0142ych,<\/li>\n\n\n\n<li>od 1 pa\u017adziernika 2023 r. dla czteroletniego liceum og\u00f3lnokszta\u0142c\u0105cego dla doros\u0142ych.<\/li>\n<\/ul>\n\n\n\n<p>Egzaminy eksternistyczne z zakresu wymaga\u0144 okre\u015blonych w podstawie programowej kszta\u0142cenia og\u00f3lnego przeprowadza si\u0119 (Art. 272 ust. 6-8 ww. ustawy):<\/p>\n\n\n\n<ul class=\"wp-block-list\">\n<li>do 29 lutego 2020 r. dla zasadniczej szko\u0142y zawodowej,<\/li>\n\n\n\n<li>od 1 pa\u017adziernika 2020 r. dla bran\u017cowej szko\u0142y I stopnia,<\/li>\n\n\n\n<li>od 1 pa\u017adziernika 2022 r. dla bran\u017cowej szko\u0142y II stopnia.<\/li>\n<\/ul>\n\n\n\n<p>Szczeg\u00f3\u0142owe informacje na temat formu\u0142y i wymaga\u0144 egzamin\u00f3w eksternistycznych, a tak\u017ce przyk\u0142adowe zadania egzaminacyjne znajduj\u0105 si\u0119 w&nbsp;<strong>Informatorach&nbsp;<\/strong>(zobacz \u2192&nbsp;<a href=\"https:\/\/oke.jaworzno.pl\/www3\/ee\/informatory-egzamin-eksternistyczny\/\">INFORMATORY<\/a>)<\/p>\n\n\n\n<p>Egzaminy eksternistyczne z kszta\u0142cenia og\u00f3lnego przeprowadzane s\u0105 dwa razy w roku:<\/p>\n\n\n\n<ul class=\"wp-block-list\">\n<li>w jesiennej sesji egzaminacyjnej &#8211; od 1 do 31 pa\u017adziernika<\/li>\n\n\n\n<li>w zimowej sesji egzaminacyjnej &#8211; od&nbsp;1&nbsp;do&nbsp;ostatniego dnia lutego.<\/li>\n<\/ul>\n\n\n\n<p>Egzaminy z poszczeg\u00f3lnych przedmiot\u00f3w danego typu szko\u0142y odbywaj\u0105 si\u0119 w&nbsp;ca\u0142ym kraju w&nbsp;tym samym czasie, zgodnie z&nbsp;harmonogramem og\u0142oszonym przez dyrektora Centralnej Komisji Egzaminacyjnej.<\/p>\n\n\n\n<p>Miejsca przeprowadzania egzamin\u00f3w w wojew\u00f3dztwie \u015bl\u0105skim wyznacza dyrektor Okr\u0119gowej Komisji Egzaminacyjnej w Jaworznie.<\/p>\n\n\n\n<p>Egzaminy eksternistyczne z kszta\u0142cenia og\u00f3lnego maj\u0105 form\u0119 pisemn\u0105.<\/p>\n\n\n\n<p>W arkuszu egzaminacyjnym zdaj\u0105cy rozwi\u0105zuje zadania r\u00f3\u017cnego typu: zadania zamkni\u0119te (wielokrotnego wyboru, typu prawda \u2013 fa\u0142sz, na dobieranie)&nbsp;oraz zadania otwarte (zadania z luk\u0105, kr\u00f3tkiej odpowiedzi, zdania rozszerzonej odpowiedzi).<\/p>\n\n\n\n<p>Prace egzaminacyjne zdaj\u0105cych s\u0105 sprawdzane i oceniane przez zewn\u0119trznych egzaminator\u00f3w.<\/p>\n\n\n\n<p>Zadania egzaminacyjne znajduj\u0105ce si\u0119 w arkuszach egzaminacyjnych s\u0105 oceniane w skali punktowej.&nbsp;<\/p>\n\n\n\n<p class=\"has-very-light-gray-background-color has-background\">Liczb\u0119 punkt\u00f3w uzyskanych na egzaminie z danych zaj\u0119\u0107 edukacyjnych przelicza si\u0119 na stopnie szkolne w nast\u0119puj\u0105cy spos\u00f3b:<\/p>\n\n\n\n<p>stopie\u0144 celuj\u0105cy (6) \u2013 od 93% do 100% punkt\u00f3w,<\/p>\n\n\n\n<p>stopie\u0144 bardzo dobry (5) \u2013 od 78% do 92%&nbsp; punkt\u00f3w,<\/p>\n\n\n\n<p>stopie\u0144 dobry (4) &#8211; od 62% do 77% punkt\u00f3w,<\/p>\n\n\n\n<p>stopie\u0144 dostateczny (3) \u2013&nbsp; od 46% do 61% punkt\u00f3w,<\/p>\n\n\n\n<p>stopie\u0144 dopuszczaj\u0105cy (2) &#8211; od&nbsp; 30% do 45% punkt\u00f3w,<\/p>\n\n\n\n<p>stopie\u0144 niedostateczny&nbsp;(1) \u2013 poni\u017cej 30% punkt\u00f3w.<\/p>\n\n\n\n<p class=\"has-very-dark-gray-color has-very-light-gray-background-color has-text-color has-background\">Aby zda\u0107 egzamin z danego przedmiotu, nale\u017cy uzyska\u0107 ocen\u0119 wy\u017csz\u0105 od niedostatecznej, czyli uzyska\u0107 z egzaminu minimum 30% punkt\u00f3w.<\/p>\n\n\n\n<p class=\"has-very-light-gray-color has-cyan-bluish-gray-background-color has-text-color has-background\"><strong>A.&nbsp;&nbsp;&nbsp;<\/strong><strong>EGZAMINY EKSTERNISTYCZNE S\u0104 ORGANIZOWANE I PRZEPROWADZANE&nbsp;<\/strong><strong>W NI\u017bEJ OPISANY SPOS\u00d3B<\/strong><\/p>\n\n\n\n<p class=\"has-very-light-gray-background-color has-background\"><strong>1. Z\u0141O\u017bENIE&nbsp;<em>WNIOSKU O DOPUSZCZENIE DO EGZAMIN\u00d3W EKSTERNISTYCZNYCH<\/em><\/strong><\/p>\n\n\n\n<p>Do OKE w Jaworznie nale\u017cy przes\u0142a\u0107 wniosek o dopuszczenie do egzamin\u00f3w eksternistycznych wraz z orygina\u0142em lub duplikatem \u015bwiadectwa uko\u0144czenia szko\u0142y&nbsp;<strong>nie p\u00f3\u017aniej ni\u017c na 2 miesi\u0105ce przed terminem rozpocz\u0119cia sesji egzaminacyjnej.<\/strong><\/p>\n\n\n\n<p class=\"has-text-align-center\"><strong>Terminy przes\u0142ania wniosku i za\u0142\u0105cznik\u00f3w<\/strong><\/p>\n\n\n\n<figure class=\"wp-block-table is-style-stripes\"><table><tbody><tr><td>   na sesj\u0119 zimow\u0105 w lutym nast\u0119pnego roku   <\/td><td>   na sesj\u0119 jesienn\u0105 w pa\u017adzierniku danego roku   <\/td><\/tr><tr><td>   <strong>nie p\u00f3\u017aniej ni\u017c do 30 listopada danego roku<\/strong>   &nbsp;   <\/td><td>   <strong>nie p\u00f3\u017aniej ni\u017c do 31 lipca danego roku<\/strong>   &nbsp;   <\/td><\/tr><\/tbody><\/table><\/figure>\n\n\n\n<p class=\"has-very-light-gray-background-color has-background\"><strong>2. DOPUSZCZENIE DO EGZAMIN\u00d3W EKSTERNISTYCZNYCH<\/strong><\/p>\n\n\n\n<p>W terminie 14 dni od otrzymania wniosku Komisja przesy\u0142a pisemn\u0105 informacj\u0119 o rozstrzygni\u0119ciu&nbsp;w sprawie dopuszczenia do egzamin\u00f3w i odsy\u0142a przes\u0142ane z wnioskiem \u015bwiadectwo.<\/p>\n\n\n\n<p>Osoba dopuszczona do egzamin\u00f3w eksternistycznych zdaje egzaminy z zakresu wybranego typu szko\u0142y w okresie nie d\u0142u\u017cszym ni\u017c 3 lata (tzn. 6 kolejnych sesji egzaminacyjnych), licz\u0105c od daty pierwszej sesji egzaminacyjnej.<\/p>\n\n\n\n<p>W&nbsp;<strong>uzasadnionych przypadkach<\/strong>&nbsp;osoba zdaj\u0105ca mo\u017ce ubiega\u0107 si\u0119 o przed\u0142u\u017cenie okresu zdawania egzamin\u00f3w o kolejne 2 sesje. W\u00f3wczas sk\u0142ada&nbsp;<em>Wniosek o przed\u0142u\u017cenie okresu zdawania&nbsp;egzamin\u00f3w<\/em> (w zak\u0142adce <a href=\"https:\/\/oke.jaworzno.pl\/www3\/wnioski\/\" class=\"ek-link\">Wnioski i druki<\/a>).<\/p>\n\n\n\n<p>Osoba,&nbsp;<strong>kt\u00f3ra nie zda\u0142a&nbsp;<\/strong>wszystkich egzamin\u00f3w eksternistycznych z zakresu wybranego typu szko\u0142y<br>w przewidzianym okresie ma prawo&nbsp;<strong>ponownie ubiega\u0107 si\u0119 o dopuszczenie<\/strong>&nbsp;do egzamin\u00f3w eksternistycznych. W tym celu przesy\u0142a do OKE w Jaworznie:<\/p>\n\n\n\n<ul class=\"wp-block-list\">\n<li>wniosek o dopuszczenie do egzamin\u00f3w eksternistycznych,<\/li>\n\n\n\n<li>\u015bwiadectwo uko\u0144czenia szko\u0142y,<\/li>\n\n\n\n<li>wniosek o zaliczenie zdanych egzamin\u00f3w (w zak\u0142adce <a href=\"https:\/\/oke.jaworzno.pl\/www3\/wnioski\/\">Wnioski i druki<\/a>).<\/li>\n<\/ul>\n\n\n\n<p><strong>Dyrektor OKE w Jaworznie zalicza egzaminy eksternistyczne zdane w poprzednim okresie,<br>pod warunkiem z\u0142o\u017cenia wniosku o dopuszczenie do egzamin\u00f3w eksternistycznych&nbsp;w okresie nie d\u0142u\u017cszym ni\u017c 3 lata od up\u0142ywu okresu zdawania tych egzamin\u00f3w.<\/strong><\/p>\n\n\n\n<p class=\"has-very-light-gray-background-color has-background\"><strong>3. Z\u0141O\u017bENIE DEKLARACJI I OP\u0141ATY ZA EGZAMINY<\/strong><\/p>\n\n\n\n<p>Osoba dopuszczona do egzaminu,&nbsp;<strong>nie p\u00f3\u017aniej ni\u017c na 30 dni przed terminem rozpocz\u0119cia sesji<\/strong>&nbsp;egzaminacyjnej sk\u0142ada dyrektorowi OKE:<\/p>\n\n\n\n<ul class=\"wp-block-list\">\n<li><strong>deklaracj\u0119<\/strong> zawieraj\u0105c\u0105 wykaz zaj\u0119\u0107 edukacyjnych, z kt\u00f3rych w danej sesji egzaminacyjnej zamierza zdawa\u0107 egzaminy,<\/li>\n\n\n\n<li><strong>dow\u00f3d wniesienia op\u0142aty<\/strong> za egzaminy z zakresu zaj\u0119\u0107 edukacyjnych, z kt\u00f3rych zamierza zdawa\u0107 egzaminy w danej sesji egzaminacyjnej, a w uzasadnionych przypadkach wniosek o zwolnienie z op\u0142aty (zobacz \u2192&nbsp;<a href=\"https:\/\/oke.jaworzno.pl\/www3\/ee\/egzaminy-eksternistyczne-oplaty\/\">OP\u0141ATY<\/a>).<\/li>\n<\/ul>\n\n\n\n<p class=\"has-very-light-gray-background-color has-background\"><strong>Terminy przes\u0142ania deklaracji i dowodu wniesienia op\u0142aty<\/strong><\/p>\n\n\n\n<div class=\"wp-block-columns is-layout-flex wp-container-core-columns-is-layout-1 wp-block-columns-is-layout-flex\">\n<div class=\"wp-block-column is-layout-flow wp-block-column-is-layout-flow\">\n<p>na sesj\u0119 <span style=\"background-color:#8ed1fc\" class=\"has-inline-background\">zimow\u0105 <\/span>w lutym nast\u0119pnego roku:<\/p>\n\n\n\n<p><strong>nie p\u00f3\u017aniej ni\u017c do <strong>31 grudnia&nbsp;<\/strong>danego roku<\/strong><\/p>\n<\/div>\n\n\n\n<div class=\"wp-block-column is-layout-flow wp-block-column-is-layout-flow\">\n<p>na sesj\u0119 <span style=\"background-color:#fcb900\" class=\"has-inline-background\">jesienn\u0105 <\/span>w pa\u017adzierniku danego roku:<\/p>\n\n\n\n<p><strong>nie p\u00f3\u017aniej ni\u017c do 31 sierpnia danego roku<\/strong>&nbsp;<\/p>\n<\/div>\n<\/div>\n\n\n\n<p class=\"has-very-light-gray-background-color has-background\"><strong>4. POWIADOMIENIE O TERMINIE I MIEJSCU EGZAMIN\u00d3W<\/strong><\/p>\n\n\n\n<p>Harmonogram przeprowadzania egzamin\u00f3w og\u0142asza dyrektor Centralnej Komisji Egzaminacyjnej 30&nbsp;dni przed rozpocz\u0119ciem sesji na stronie internetowej CKE \u2013&nbsp;<a href=\"https:\/\/cke.gov.pl\/\" class=\"ek-link\">www.cke.gov.pl<\/a>. Komunikat ten jest r\u00f3wnie\u017c dost\u0119pny na stronie g\u0142\u00f3wnej&nbsp;<a href=\"http:\/\/www.oke.jaworzno.pl\/\">www.oke.jaworzno.pl<\/a>&nbsp; i zak\u0142adce&nbsp;<strong><a href=\"https:\/\/oke.jaworzno.pl\/www3\/ee\/egzaminy-eksternistyczne-komunikaty\/\">Komunikaty<\/a><em>.<\/em><\/strong><\/p>\n\n\n\n<p>Komunikat o miejscach przeprowadzania egzamin\u00f3w w wojew\u00f3dztwie \u015bl\u0105skim zamieszcza na stronie g\u0142\u00f3wnej&nbsp;<a href=\"http:\/\/www.oke.jaworzno.pl\/\">www.oke.jaworzno.pl<\/a>&nbsp; i w zak\u0142adce&nbsp;<strong><a href=\"https:\/\/oke.jaworzno.pl\/www3\/ee\/egzaminy-eksternistyczne-komunikaty\/\">Komunikaty<\/a><\/strong> dyrektor OKE w Jaworznie nie p\u00f3\u017aniej ni\u017c na 15 dni przed terminem rozpocz\u0119cia sesji<\/p>\n\n\n\n<p>OKE w Jaworznie przesy\u0142a pisemn\u0105 informacj\u0119 do zdaj\u0105cego o terminie i miejscu zdawania egzamin\u00f3w eksternistycznych kszta\u0142cenia og\u00f3lnego przed ka\u017cd\u0105 sesj\u0105 egzaminacyjn\u0105 na adres wskazany we wniosku o dopuszczenie.<\/p>\n\n\n\n<p class=\"has-very-light-gray-background-color has-background\"><strong>5. PRZEPROWADZENIE EGZAMIN\u00d3W<\/strong><\/p>\n\n\n\n<p>Zdaj\u0105cy zg\u0142asza si\u0119 na egzamin w miejscu i czasie wyznaczonym przez dyrektora OKE w Jaworznie. Przynosi ze sob\u0105:&nbsp;<strong>dow\u00f3d osobisty<\/strong>&nbsp;<strong>lub inny dokument to\u017csamo\u015bci z nr PESEL i zdj\u0119ciem<\/strong>.<\/p>\n\n\n\n<p>Do sali egzaminacyjnej zdaj\u0105cy wnosz\u0105 jedynie d\u0142ugopis (pi\u00f3ro) z czarnym atramentem oraz przybory&nbsp;i materia\u0142y wymienione w&nbsp;<em>Komunikacie dyrektora Centralnej Komisji Egzaminacyjnej w sprawie informacji o materia\u0142ach o przyborach, z kt\u00f3rych mog\u0105 korzysta\u0107 osoby&nbsp; zdaj\u0105ce egzaminy eksternistyczne.<br><\/em>Do sali egzaminacyjnej nie mo\u017cna wnosi\u0107 \u017cadnych urz\u0105dze\u0144 telekomunikacyjnych ani korzysta\u0107 z nich w tej sali.<\/p>\n\n\n\n<p>Zdaj\u0105cy w terminie do 2 dni od dnia przeprowadzenia egzaminu eksternistycznego z danych zaj\u0119\u0107, mo\u017ce&nbsp; zg\u0142osi\u0107 zastrze\u017cenia do dyrektora OKE w Jaworznie, je\u015bli uzna, \u017ce w trakcie egzaminu zosta\u0142y naruszone przepisy dotycz\u0105ce jego przeprowadzenia. Dyrektor OKE w Jaworznie &nbsp;rozpatruje zastrze\u017cenia w terminie 7 dni&nbsp; od ich otrzymania. Rozstrzygni\u0119cie dyrektora komisji okr\u0119gowej jest ostateczne.<\/p>\n\n\n\n<p class=\"has-very-light-gray-background-color has-background\"><strong>6. WYDANIE WYNIK\u00d3W I \u015aWIADECTW<\/strong><\/p>\n\n\n\n<p>Zdaj\u0105cy otrzymuje pisemn\u0105 informacj\u0119 o wynikach egzamin\u00f3w po ka\u017cdej sesji egzaminacyjnej:&nbsp;w marcu &#8211; po sesji zimowej, w listopadzie &#8211; po sesji jesiennej.<\/p>\n\n\n\n<p>Osoba, kt\u00f3ra zda\u0142a egzaminy eksternistyczne ze wszystkich obowi\u0105zkowych zaj\u0119\u0107 edukacyjnych uj\u0119tych w ramowym planie nauczania szko\u0142y danego typu dla doros\u0142ych otrzymuje&nbsp;<strong>\u015bwiadectwo<\/strong>&nbsp;uko\u0144czenia szko\u0142y danego typu, wydane przez OKE w Jaworznie.<\/p>\n\n\n\n<p>Osoba, kt\u00f3ra zda\u0142a egzaminy eksternistyczne ze wszystkich obowi\u0105zkowych zaj\u0119\u0107 edukacyjnych&nbsp;z kszta\u0142cenia og\u00f3lnego dla  szko\u0142y bran\u017cowej I stopnia, szko\u0142y bran\u017cowej II stopnia otrzymuje&nbsp;<strong>za\u015bwiadczenie,<\/strong>&nbsp;wydane przez OKE w Jaworznie.<\/p>\n\n\n\n<p>\u015awiadectwa i za\u015bwiadczenia wysy\u0142ane s\u0105 poczt\u0105 &#8211; przesy\u0142k\u0105 polecon\u0105 za potwierdzeniem odbioru.<\/p>\n\n\n\n<p>Aby uzyska\u0107 dyplom potwierdzaj\u0105cy kwalifikacje zawodowe z zakresu zasadniczej szko\u0142y zawodowej&nbsp;lub odpowiednio szko\u0142y bran\u017cowej I lub II stopnia nale\u017cy zda\u0107 egzaminy z zaj\u0119\u0107 edukacyjnych okre\u015blonych w podstawie programowej&nbsp;<strong>kszta\u0142cenia og\u00f3lnego<\/strong>&nbsp;dla ww. szk\u00f3\u0142 oraz zda\u0107&nbsp;<strong>egzaminy zawodowe potwierdzaj\u0105ce wszystkie kwalifikacje wyodr\u0119bnione w danym zawodzie.<\/strong><\/p>\n\n\n\n<p class=\"has-very-light-gray-color has-cyan-bluish-gray-background-color has-text-color has-background\"><strong>B. EGZAMINY Z POSZCZEG\u00d3LNYCH TYP\u00d3W SZK\u00d3\u0141<\/strong><\/p>\n\n\n\n<p class=\"has-very-light-gray-color has-vivid-cyan-blue-background-color has-text-color has-background\"><strong>O\u015aMIOLETNIA SZKO\u0141A PODSTAWOWA<\/strong><\/p>\n\n\n\n<p>Do egzamin\u00f3w dopuszcza si\u0119 osob\u0119, kt\u00f3ra nie uko\u0144czy\u0142a o\u015bmioletniej szko\u0142y podstawowej albo sze\u015bcioletniej szko\u0142y podstawowej albo uko\u0144czy\u0142a sze\u015bcioletni\u0105 szko\u0142\u0119 podstawow\u0105.<\/p>\n\n\n\n<div class=\"wp-block-columns is-layout-flex wp-container-core-columns-is-layout-2 wp-block-columns-is-layout-flex\">\n<div class=\"wp-block-column is-layout-flow wp-block-column-is-layout-flow\">\n<p class=\"has-very-light-gray-background-color has-background\"><strong>Zdawane przedmioty:<\/strong><\/p>\n\n\n\n<ul class=\"wp-block-list\">\n<li>J\u0119zyk polski<\/li>\n\n\n\n<li>J\u0119zyk obcy (jeden z podanych):\n<ul class=\"wp-block-list\">\n<li>j. angielski<\/li>\n\n\n\n<li>j. rosyjski<\/li>\n\n\n\n<li>j. niemiecki<\/li>\n\n\n\n<li>j. francuski<\/li>\n<\/ul>\n<\/li>\n\n\n\n<li>Biologia <\/li>\n\n\n\n<li>Chemia <\/li>\n\n\n\n<li>Fizyka <\/li>\n\n\n\n<li>Geografia <\/li>\n\n\n\n<li>Historia <\/li>\n\n\n\n<li>Informatyka <\/li>\n\n\n\n<li>Matematyka <\/li>\n\n\n\n<li>Wiedza o spo\u0142ecze\u0144stwie<\/li>\n<\/ul>\n<\/div>\n\n\n\n<div class=\"wp-block-column is-layout-flow wp-block-column-is-layout-flow\">\n<p class=\"has-very-light-gray-background-color has-background\"><strong>Czas trwania ka\u017cdego egzaminu<\/strong><\/p>\n\n\n\n<p>120 minut (za wyj\u0105tkiem j\u0119zyka obcego nowo\u017cytnego, kt\u00f3ry trwa&nbsp;90 minut)<\/p>\n<\/div>\n<\/div>\n\n\n\n<p class=\"has-very-light-gray-background-color has-background\"><strong>1. Z\u0142o\u017cenie wniosku o dopuszczenie do egzamin\u00f3w<\/strong><\/p>\n\n\n\n<p class=\"has-very-light-gray-background-color has-background\"><strong>Wymagane dokumenty<\/strong>:<\/p>\n\n\n\n<ul class=\"wp-block-list\">\n<li>Wniosek o dopuszczenie do egzamin\u00f3w eksternistycznych<\/li>\n\n\n\n<li>Za\u015bwiadczenie lekarskie potwierdzaj\u0105ce wyst\u0119powanie dysfunkcji&nbsp; &#8211;&nbsp;<strong>dotyczy wy\u0142\u0105cznie os\u00f3b ubiegaj\u0105cych si\u0119 o zdawanie egzamin\u00f3w w warunkach i formie dostosowanych do rodzaju niepe\u0142nosprawno\u015bci&nbsp;<\/strong>(patrz \u2192&nbsp;<a href=\"https:\/\/oke.jaworzno.pl\/www3\/ee\/egzaminy-eksternistyczne-komunikaty\/\">DOSTOSOWANIA<\/a>)<\/li>\n<\/ul>\n\n\n\n<p class=\"has-very-light-gray-background-color has-background\"><strong>Terminy przes\u0142ania wniosku i za\u0142\u0105cznik\u00f3w<\/strong><\/p>\n\n\n\n<div class=\"wp-block-columns is-layout-flex wp-container-core-columns-is-layout-3 wp-block-columns-is-layout-flex\">\n<div class=\"wp-block-column is-layout-flow wp-block-column-is-layout-flow\">\n<p>na sesj\u0119 zimow\u0105 w lutym nast\u0119pnego roku:<\/p>\n\n\n\n<p><strong>nie p\u00f3\u017aniej ni\u017c do 30 listopada danego roku<\/strong><\/p>\n<\/div>\n\n\n\n<div class=\"wp-block-column is-layout-flow wp-block-column-is-layout-flow\">\n<p>na sesj\u0119 jesienn\u0105 w pa\u017adzierniku danego roku:<\/p>\n\n\n\n<p><strong>nie p\u00f3\u017aniej ni\u017c do 31 lipca danego roku<\/strong><\/p>\n<\/div>\n<\/div>\n\n\n\n<p class=\"has-very-light-gray-background-color has-background\"><strong>2. Z\u0142o\u017cenie deklaracji i op\u0142aty za egzaminy<\/strong><\/p>\n\n\n\n<p>Osoba dopuszczona do egzaminu przesy\u0142a do OKE w Jaworznie nast\u0119puj\u0105ce dokumenty:<\/p>\n\n\n\n<ul class=\"wp-block-list\">\n<li><strong>Deklaracj\u0119&nbsp;<\/strong>przyst\u0105pienia do egzaminu eksternistycznego z zakresu szko\u0142y podstawowej (za\u0142\u0105cznik 2.2),<\/li>\n\n\n\n<li><strong>Dow\u00f3d wniesienia op\u0142aty<\/strong> z poszczeg\u00f3lnych zaj\u0119\u0107,&nbsp;<strong>a w uzasadnionych przypadkach wniosek o zwolnienie z<\/strong>&nbsp;<strong>op\u0142aty<\/strong>&nbsp;wraz z za\u0142\u0105cznikami (patrz \u2192&nbsp;&nbsp;<a href=\"https:\/\/oke.jaworzno.pl\/www3\/ee\/egzaminy-eksternistyczne-oplaty\/\" class=\"ek-link\">OP\u0141ATY).<\/a><\/li>\n<\/ul>\n\n\n\n<p class=\"has-very-light-gray-background-color has-background\"><strong>Terminy przes\u0142ania deklaracji i dowodu wniesienia op\u0142aty<\/strong><\/p>\n\n\n\n<div class=\"wp-block-columns is-layout-flex wp-container-core-columns-is-layout-4 wp-block-columns-is-layout-flex\">\n<div class=\"wp-block-column is-layout-flow wp-block-column-is-layout-flow\">\n<p>na sesj\u0119 <span style=\"background-color:#8ed1fc\" class=\"has-inline-background\">zimow\u0105 <\/span>w lutym nast\u0119pnego roku:<\/p>\n\n\n\n<p><strong>nie p\u00f3\u017aniej ni\u017c do <strong>31 grudnia&nbsp;<\/strong>danego roku<\/strong><\/p>\n<\/div>\n\n\n\n<div class=\"wp-block-column is-layout-flow wp-block-column-is-layout-flow\">\n<p>na sesj\u0119 <span style=\"background-color:#fcb900\" class=\"has-inline-background\">jesienn\u0105 <\/span>w pa\u017adzierniku danego roku:<\/p>\n\n\n\n<p><strong>nie p\u00f3\u017aniej ni\u017c do 31 sierpnia danego roku<\/strong>&nbsp;<\/p>\n<\/div>\n<\/div>\n\n\n\n<p><\/p>\n\n\n\n<p class=\"has-light-green-cyan-background-color has-background\">Osoba, kt\u00f3ra zda\u0142a egzaminy eksternistyczne ze wszystkich obowi\u0105zkowych zaj\u0119\u0107 edukacyjnych uj\u0119tych w ramowym planie nauczania o\u015bmioletniej szko\u0142y podstawowej dla doros\u0142ych otrzymuje \u015bwiadectwo uko\u0144czenia szko\u0142y podstawowych dla doros\u0142ych wydane przez OKE w Jaworznie.<\/p>\n\n\n\n<p class=\"has-very-light-gray-color has-vivid-cyan-blue-background-color has-text-color has-background\"><strong>LICEUM OG\u00d3LNOKSZTA\u0141C\u0104CEGO DLA DOROS\u0141YCH<\/strong><\/p>\n\n\n\n<p>Do egzamin\u00f3w dopuszcza si\u0119 osob\u0119, kt\u00f3ra uko\u0144czy\u0142a gimnazjum albo o\u015bmioletni\u0105 szko\u0142\u0119 podstawow\u0105.<\/p>\n\n\n\n<div class=\"wp-block-columns is-layout-flex wp-container-core-columns-is-layout-5 wp-block-columns-is-layout-flex\">\n<div class=\"wp-block-column is-layout-flow wp-block-column-is-layout-flow\">\n<p class=\"has-very-light-gray-background-color has-background\"><strong>Zdawane przedmioty:<\/strong><\/p>\n\n\n\n<ul class=\"wp-block-list\">\n<li>J\u0119zyk polski<\/li>\n\n\n\n<li>J\u0119zyk obcy (jeden z podanych):\n<ul class=\"wp-block-list\">\n<li>j. angielski<\/li>\n\n\n\n<li>j. rosyjski<\/li>\n\n\n\n<li>j. niemiecki<\/li>\n\n\n\n<li>j. francuski<\/li>\n<\/ul>\n<\/li>\n\n\n\n<li>Biologia<\/li>\n\n\n\n<li>Chemia<\/li>\n\n\n\n<li>Fizyka<\/li>\n\n\n\n<li>Geografia<\/li>\n\n\n\n<li>Historia<\/li>\n\n\n\n<li>Informatyka<\/li>\n\n\n\n<li>Matematyka<\/li>\n\n\n\n<li>Biznes i zarz\u0105dzanie<\/li>\n<\/ul>\n\n\n\n<p><\/p>\n<\/div>\n\n\n\n<div class=\"wp-block-column is-layout-flow wp-block-column-is-layout-flow\">\n<p class=\"has-very-light-gray-background-color has-background\"><strong>Czas trwania ka\u017cdego egzaminu<\/strong><\/p>\n\n\n\n<p>J\u0119zyk polski 150 minut<br>pozosta\u0142e przedmioty<br>120 minut<\/p>\n<\/div>\n<\/div>\n\n\n\n<p class=\"has-very-light-gray-background-color has-background\"><strong>1. Z\u0142o\u017cenie wniosku o dopuszczenie do egzamin\u00f3w<\/strong><\/p>\n\n\n\n<p class=\"has-very-light-gray-background-color has-background\"><strong>Wymagane dokumenty<\/strong>:<\/p>\n\n\n\n<ul class=\"wp-block-list\">\n<li>Wniosek o dopuszczenie do egzamin\u00f3w eksternistycznych<\/li>\n\n\n\n<li>Za\u015bwiadczenie lekarskie potwierdzaj\u0105ce wyst\u0119powanie dysfunkcji&nbsp; &#8211;&nbsp;<strong>dotyczy wy\u0142\u0105cznie os\u00f3b ubiegaj\u0105cych si\u0119 o zdawanie egzamin\u00f3w w warunkach i formie dostosowanych do rodzaju niepe\u0142nosprawno\u015bci&nbsp;<\/strong>(patrz \u2192&nbsp;<a href=\"https:\/\/oke.jaworzno.pl\/www3\/ee\/egzaminy-eksternistyczne-komunikaty\/\" class=\"ek-link\">DOSTOSOWANIA<\/a>)<\/li>\n<\/ul>\n\n\n\n<p class=\"has-very-light-gray-background-color has-background\"><strong>Terminy przes\u0142ania wniosku i za\u0142\u0105cznik\u00f3w<\/strong><\/p>\n\n\n\n<div class=\"wp-block-columns is-layout-flex wp-container-core-columns-is-layout-6 wp-block-columns-is-layout-flex\">\n<div class=\"wp-block-column is-layout-flow wp-block-column-is-layout-flow\">\n<p>na sesj\u0119 zimow\u0105 w lutym nast\u0119pnego roku<\/p>\n\n\n\n<p><strong>nie p\u00f3\u017aniej ni\u017c do 30 listopada danego roku<\/strong><\/p>\n<\/div>\n\n\n\n<div class=\"wp-block-column is-layout-flow wp-block-column-is-layout-flow\">\n<p>na sesj\u0119 jesienn\u0105 w pa\u017adzierniku danego roku<\/p>\n\n\n\n<p><strong>nie p\u00f3\u017aniej ni\u017c do 31 lipca danego roku<\/strong><\/p>\n<\/div>\n<\/div>\n\n\n\n<p class=\"has-very-light-gray-background-color has-background\"><strong>2. Z\u0142o\u017cenie deklaracji i op\u0142aty za egzaminy<\/strong><\/p>\n\n\n\n<p>Osoba dopuszczona do egzaminu przesy\u0142a do OKE w Jaworznie nast\u0119puj\u0105ce dokumenty:<\/p>\n\n\n\n<ul class=\"wp-block-list\">\n<li><strong>Deklaracj\u0119&nbsp;<\/strong>przyst\u0105pienia do egzaminu eksternistycznego z zakresu liceum og\u00f3lnokszta\u0142c\u0105cego (za\u0142\u0105cznik 2.2),<\/li>\n\n\n\n<li><strong>Dow\u00f3d wniesienia op\u0142aty<\/strong> z poszczeg\u00f3lnych zaj\u0119\u0107,&nbsp;<strong>a w uzasadnionych przypadkach wniosek o zwolnienie z<\/strong>&nbsp;<strong>op\u0142aty<\/strong>&nbsp;wraz z za\u0142\u0105cznikami (patrz \u2192&nbsp;&nbsp;<a href=\"https:\/\/oke.jaworzno.pl\/www3\/ee\/egzaminy-eksternistyczne-oplaty\/\" class=\"ek-link\">OP\u0141ATY).<\/a><\/li>\n<\/ul>\n\n\n\n<p class=\"has-very-light-gray-background-color has-background\"><strong>Terminy przes\u0142ania\ndeklaracji i dowodu wniesienia op\u0142aty<\/strong><\/p>\n\n\n\n<div class=\"wp-block-columns is-layout-flex wp-container-core-columns-is-layout-7 wp-block-columns-is-layout-flex\">\n<div class=\"wp-block-column is-layout-flow wp-block-column-is-layout-flow\">\n<p>na sesj\u0119 <span style=\"background-color:#8ed1fc\" class=\"has-inline-background\">zimow\u0105 <\/span>w lutym nast\u0119pnego roku<\/p>\n\n\n\n<p><strong>nie p\u00f3\u017aniej ni\u017c do 31 grudnia danego roku<\/strong><\/p>\n<\/div>\n\n\n\n<div class=\"wp-block-column is-layout-flow wp-block-column-is-layout-flow\">\n<p>na sesj\u0119<span style=\"background-color:#fcb900\" class=\"has-inline-background\">jesienn\u0105 <\/span>w pa\u017adzierniku danego roku<\/p>\n\n\n\n<p><strong>nie p\u00f3\u017aniej ni\u017c do 31 sierpnia danego roku<\/strong><\/p>\n<\/div>\n<\/div>\n\n\n\n<p class=\"has-very-dark-gray-color has-light-green-cyan-background-color has-text-color has-background\">Osoba, kt\u00f3ra zda\u0142a egzaminy eksternistyczne z kszta\u0142cenia og\u00f3lnego dla liceum og\u00f3lnokszta\u0142c\u0105cego dla doros\u0142ych\u00a0ze wszystkich obowi\u0105zkowych zaj\u0119\u0107 edukacyjnych otrzymuje \u015bwiadectwo wydane przez OKE w Jaworznie.<\/p>\n\n\n\n<p class=\"has-very-light-gray-color has-vivid-cyan-blue-background-color has-text-color has-background\"><strong>SZKO\u0141A BRAN\u017bOWA I STOPNIA&nbsp;<\/strong><\/p>\n\n\n\n<p>Do egzamin\u00f3w z zaj\u0119\u0107 okre\u015blonych w podstawie programowej&nbsp;<strong>kszta\u0142cenia og\u00f3lnego<\/strong>&nbsp;dla szko\u0142y bran\u017cowej I stopnia dopuszcza si\u0119 osob\u0119, kt\u00f3ra uko\u0144czy\u0142a gimnazjum albo o\u015bmioletni\u0105 szko\u0142\u0119 podstawow\u0105.<\/p>\n\n\n\n<p class=\"has-very-light-gray-background-color has-background\"><strong>Egzaminy przeprowadza si\u0119:<\/strong><\/p>\n\n\n\n<ul class=\"wp-block-list\">\n<li><strong>od sesji jesiennej 2020 r. dla absolwent\u00f3w gimnazjum,<\/strong><\/li>\n\n\n\n<li><strong>od sesji jesiennej 2022 r. dla absolwent\u00f3w o\u015bmioletnich szk\u00f3\u0142 podstawowych.<\/strong><\/li>\n<\/ul>\n\n\n\n<p class=\"has-very-dark-gray-color has-pale-cyan-blue-background-color has-text-color has-background\"><strong>EGZAMINY Z ZAJ\u0118\u0106 OKRE\u015aLONYCH W PODSTAWIE PROGRAMOWEJ KSZTA\u0141CENIA OG\u00d3LNEGO DLA&nbsp; BRAN\u017bOWEJ SZKO\u0141Y&nbsp; I STOPNIA<\/strong><\/p>\n\n\n\n<p class=\"has-very-light-gray-background-color has-background\"><strong>Zdawane przedmioty kszta\u0142cenia og\u00f3lnego:<\/strong><\/p>\n\n\n\n<ul class=\"wp-block-list\">\n<li>J\u0119zyk polski<\/li>\n\n\n\n<li>J\u0119zyk obcy (jeden z podanych):\n<ul class=\"wp-block-list\">\n<li>j. angielski<\/li>\n\n\n\n<li>j. rosyjski<\/li>\n\n\n\n<li>j. niemiecki<\/li>\n\n\n\n<li>j. francuski<\/li>\n<\/ul>\n<\/li>\n\n\n\n<li>Historia<\/li>\n\n\n\n<li>Informatyka<\/li>\n\n\n\n<li>Matematyka<\/li>\n\n\n\n<li>Biznes i zarz\u0105dzanie<\/li>\n\n\n\n<li><mark style=\"background-color:rgba(0, 0, 0, 0)\" class=\"has-inline-color has-vivid-red-color\">oraz <strong>Dwa zaj\u0119cia<\/strong><\/mark> wybrane spo\u015br\u00f3d nast\u0119puj\u0105cych zaj\u0119\u0107:\n<ul class=\"wp-block-list\">\n<li>biologia,&nbsp;<\/li>\n\n\n\n<li>geografia, &nbsp;<\/li>\n\n\n\n<li>chemia,&nbsp;<\/li>\n\n\n\n<li>fizyka.<\/li>\n<\/ul>\n<\/li>\n<\/ul>\n\n\n\n<p><strong>Czas trwania ka\u017cdego egzaminu<\/strong>: J\u0119zyk polski 150 minut, pozosta\u0142e przedmioty 120 minut. Wszystkie egzaminy maj\u0105 form\u0119 pisemn\u0105&nbsp;<\/p>\n\n\n\n<p class=\"has-very-light-gray-background-color has-background\"><strong>1. Z\u0142o\u017cenie wniosku o dopuszczenie do egzamin\u00f3w kszta\u0142cenia og\u00f3lnego<\/strong><\/p>\n\n\n\n<p class=\"has-very-light-gray-background-color has-background\"><strong>Wymagane dokumenty<\/strong>:<\/p>\n\n\n\n<ul class=\"wp-block-list\">\n<li><strong>Wniosek o dopuszczenie do egzamin\u00f3w eksternistycznych<\/strong><\/li>\n\n\n\n<li><strong>Orygina\u0142 \u015bwiadectwa&nbsp;<\/strong>uko\u0144czenia o\u015bmioletniej szko\u0142y podstawowej<\/li>\n\n\n\n<li>Za\u015bwiadczenie lekarskie potwierdzaj\u0105ce wyst\u0119powanie dysfunkcji&nbsp; \u2013&nbsp;<strong>dotyczy wy\u0142\u0105cznie os\u00f3b ubiegaj\u0105cych si\u0119 o zdawanie egzamin\u00f3w w warunkach i formie dostosowanych do rodzaju niepe\u0142nosprawno\u015bci&nbsp;<\/strong>(patrz \u2192&nbsp;<a href=\"https:\/\/oke.jaworzno.pl\/www3\/ee\/egzaminy-eksternistyczne-komunikaty\/\" class=\"ek-link\">DOSTOSOWANIA<\/a>).<\/li>\n<\/ul>\n\n\n\n<p class=\"has-very-light-gray-background-color has-background\"><strong>Terminy przes\u0142ania wniosku i za\u0142\u0105cznik\u00f3w<\/strong><\/p>\n\n\n\n<div class=\"wp-block-columns is-layout-flex wp-container-core-columns-is-layout-8 wp-block-columns-is-layout-flex\">\n<div class=\"wp-block-column is-layout-flow wp-block-column-is-layout-flow\">\n<p>na sesj\u0119 <span style=\"background-color:#8ed1fc\" class=\"has-inline-background\">zimow\u0105 <\/span>w lutym nast\u0119pnego roku:<\/p>\n\n\n\n<p><strong>nie p\u00f3\u017aniej ni\u017c do 30 listopada danego roku<\/strong><\/p>\n<\/div>\n\n\n\n<div class=\"wp-block-column is-layout-flow wp-block-column-is-layout-flow\">\n<p>na sesj\u0119 <span style=\"background-color:#fcb900\" class=\"has-inline-background\">jesienn\u0105 <\/span>w pa\u017adzierniku danego roku:<\/p>\n\n\n\n<p>&nbsp;<strong>nie p\u00f3\u017aniej ni\u017c do 31 lipca danego roku<\/strong><\/p>\n<\/div>\n<\/div>\n\n\n\n<p class=\"has-very-light-gray-background-color has-background\"><strong>2. Z\u0142o\u017cenie deklaracji i op\u0142aty za egzaminy<\/strong><\/p>\n\n\n\n<p>Osoba dopuszczona do egzaminu przesy\u0142a do OKE w Jaworznie nast\u0119puj\u0105ce dokumenty:<\/p>\n\n\n\n<ul class=\"wp-block-list\">\n<li><strong>Deklaracj\u0119&nbsp;<\/strong>przyst\u0105pienia do egzaminu eksternistycznego z zakresu wymaga\u0144 okre\u015blonych w podstawie programowej kszta\u0142cenia og\u00f3lnego dla bran\u017cowej szko\u0142y I stopnia<\/li>\n\n\n\n<li><strong>Dow\u00f3d wniesienia op\u0142aty&nbsp;<\/strong>z poszczeg\u00f3lnych zaj\u0119\u0107, a&nbsp;w uzasadnionych przypadkach wniosek o zwolnienie z&nbsp;op\u0142aty&nbsp;wraz z za\u0142\u0105cznikami (patrz&nbsp;<strong>\u2192&nbsp;&nbsp;<a href=\"https:\/\/oke.jaworzno.pl\/www3\/ee\/egzaminy-eksternistyczne-oplaty\/\" class=\"ek-link\">OP\u0141ATY<\/a>).<\/strong><\/li>\n<\/ul>\n\n\n\n<p class=\"has-very-light-gray-background-color has-background\"><strong>Terminy przes\u0142ania deklaracji i dowodu wniesienia op\u0142aty<\/strong><\/p>\n\n\n\n<div class=\"wp-block-columns is-layout-flex wp-container-core-columns-is-layout-9 wp-block-columns-is-layout-flex\">\n<div class=\"wp-block-column is-layout-flow wp-block-column-is-layout-flow\">\n<p>na sesj\u0119 <span style=\"background-color:#8ed1fc\" class=\"has-inline-background\">zimow\u0105 <\/span>w lutym nast\u0119pnego roku:<\/p>\n\n\n\n<p><strong>nie p\u00f3\u017aniej ni\u017c do 31 grudnia danego roku<\/strong><\/p>\n<\/div>\n\n\n\n<div class=\"wp-block-column is-layout-flow wp-block-column-is-layout-flow\">\n<p>na sesj\u0119 <span style=\"background-color:#fcb900\" class=\"has-inline-background\">jesienn\u0105 <\/span>w pa\u017adzierniku danego roku<\/p>\n\n\n\n<p><strong>nie p\u00f3\u017aniej ni\u017c do 31 sierpnia danego roku<\/strong><\/p>\n<\/div>\n<\/div>\n\n\n\n<p class=\"has-light-green-cyan-background-color has-background\">Osoba, kt\u00f3ra zda\u0142a egzaminy eksternistyczne kszta\u0142cenia og\u00f3lnego dla szko\u0142y bran\u017cowej I stopnia&nbsp;ze wszystkich obowi\u0105zkowych zaj\u0119\u0107 edukacyjnych otrzymuje za\u015bwiadczenie wydane przez OKE w Jaworznie.<\/p>\n\n\n\n<p class=\"has-very-light-gray-color has-vivid-cyan-blue-background-color has-text-color has-background\"><strong>EGZAMINY Z ZAJ\u0118\u0106 OKRE\u015aLONYCH W PODSTAWIE PROGRAMOWEJ KSZTA\u0141CENIA OG\u00d3LNEGO DLA&nbsp; BRAN\u017bOWEJ SZKO\u0141Y&nbsp; II STOPNIA :<\/strong><\/p>\n\n\n\n<p><strong>Egzaminy przeprowadza si\u0119:<\/strong><\/p>\n\n\n\n<ul class=\"wp-block-list\">\n<li><strong>od sesji jesiennej 2022 r. dla absolwent\u00f3w gimnazjum,<\/strong><\/li>\n\n\n\n<li><strong>od sesji jesiennej 2024 r. dla absolwent\u00f3w o\u015bmioletnich szk\u00f3\u0142 podstawowych.<\/strong><\/li>\n<\/ul>\n\n\n\n<p><strong>Zdawane przedmioty kszta\u0142cenia og\u00f3lnego:<\/strong><\/p>\n\n\n\n<ul class=\"wp-block-list\">\n<li>J\u0119zyk polski<\/li>\n\n\n\n<li>J\u0119zyk obcy (jeden z podanych):\n<ul class=\"wp-block-list\">\n<li>j. angielski<\/li>\n\n\n\n<li>j. rosyjski<\/li>\n\n\n\n<li>j. niemiecki<\/li>\n\n\n\n<li>j. francuski<\/li>\n<\/ul>\n<\/li>\n\n\n\n<li>Informatyka<\/li>\n\n\n\n<li>Matematyka<\/li>\n<\/ul>\n\n\n\n<p><strong>Czas trwania ka\u017cdego egzaminu<\/strong>: J\u0119zyk polski 150 minut, pozosta\u0142e przedmioty 120 minut. Wszystkie egzaminy maj\u0105 form\u0119 pisemn\u0105&nbsp;<\/p>\n\n\n\n<p class=\"has-very-light-gray-background-color has-background\"><strong>1. Z\u0142o\u017cenie wniosku o dopuszczenie do egzamin\u00f3w kszta\u0142cenia og\u00f3lnego<\/strong><\/p>\n\n\n\n<p class=\"has-very-light-gray-background-color has-background\"><strong>Wymagane dokumenty<\/strong>:<\/p>\n\n\n\n<ul class=\"wp-block-list\">\n<li><strong>Wniosek o dopuszczenie do egzamin\u00f3w eksternistycznych<\/strong><\/li>\n\n\n\n<li><strong>Orygina\u0142 \u015bwiadectwa&nbsp;<\/strong>szko\u0142y bran\u017cowej I stopnia lub zasadniczej szko\u0142y zawodowej.<\/li>\n\n\n\n<li>Za\u015bwiadczenie lekarskie potwierdzaj\u0105ce wyst\u0119powanie dysfunkcji&nbsp; \u2013&nbsp;<strong>dotyczy wy\u0142\u0105cznie os\u00f3b ubiegaj\u0105cych si\u0119 o zdawanie egzamin\u00f3w w warunkach i formie dostosowanych do rodzaju niepe\u0142nosprawno\u015bci&nbsp;<\/strong>(patrz \u2192&nbsp;<a href=\"https:\/\/oke.jaworzno.pl\/www3\/ee\/egzaminy-eksternistyczne-komunikaty\/\" class=\"ek-link\">DOSTOSOWANIA<\/a>).<\/li>\n<\/ul>\n\n\n\n<p class=\"has-very-light-gray-background-color has-background\"><strong>Terminy przes\u0142ania wniosku i za\u0142\u0105cznik\u00f3w<\/strong><\/p>\n\n\n\n<div class=\"wp-block-columns is-layout-flex wp-container-core-columns-is-layout-10 wp-block-columns-is-layout-flex\">\n<div class=\"wp-block-column is-layout-flow wp-block-column-is-layout-flow\">\n<p>na sesj\u0119 <span style=\"background-color:#8ed1fc\" class=\"has-inline-background\">zimow\u0105 <\/span>w lutym nast\u0119pnego roku<\/p>\n\n\n\n<p><strong>nie p\u00f3\u017aniej ni\u017c do 30 listopada danego roku<\/strong><\/p>\n<\/div>\n\n\n\n<div class=\"wp-block-column is-layout-flow wp-block-column-is-layout-flow\">\n<p>na sesj\u0119 <span style=\"background-color:#fcb900\" class=\"has-inline-background\">jesienn\u0105<\/span> w pa\u017adzierniku danego roku<\/p>\n\n\n\n<p><strong>nie p\u00f3\u017aniej ni\u017c do 31 lipca danego roku<\/strong>&nbsp;<\/p>\n<\/div>\n<\/div>\n\n\n\n<p class=\"has-very-light-gray-background-color has-background\"><strong>2. Z\u0142o\u017cenie deklaracji i op\u0142aty za egzaminy<\/strong><\/p>\n\n\n\n<p>Osoba dopuszczona do egzaminu przesy\u0142a do OKE w Jaworznie nast\u0119puj\u0105ce dokumenty:<\/p>\n\n\n\n<ul class=\"wp-block-list\">\n<li><strong>Deklaracj\u0119&nbsp;<\/strong>przyst\u0105pienia do egzaminu eksternistycznego z zakresu wymaga\u0144 okre\u015blonych w podstawie programowej kszta\u0142cenia og\u00f3lnego dla bran\u017cowej szko\u0142y II stopnia<\/li>\n\n\n\n<li><strong>Dow\u00f3d wniesienia op\u0142aty&nbsp;<\/strong>z poszczeg\u00f3lnych zaj\u0119\u0107, a&nbsp;w uzasadnionych przypadkach wniosek o zwolnienie z&nbsp;op\u0142aty&nbsp;wraz z za\u0142\u0105cznikami (patrz&nbsp;<strong>\u2192&nbsp;&nbsp;<a href=\"https:\/\/oke.jaworzno.pl\/www3\/ee\/egzaminy-eksternistyczne-oplaty\/\">OP\u0141ATY<\/a>).<\/strong><\/li>\n<\/ul>\n\n\n\n<p class=\"has-very-light-gray-background-color has-background\"><strong>Terminy przes\u0142ania deklaracji i dowodu wniesienia op\u0142aty<\/strong><\/p>\n\n\n\n<div class=\"wp-block-columns is-layout-flex wp-container-core-columns-is-layout-11 wp-block-columns-is-layout-flex\">\n<div class=\"wp-block-column is-layout-flow wp-block-column-is-layout-flow\">\n<p>na sesj\u0119 <span style=\"background-color:#8ed1fc\" class=\"has-inline-background\">zimow\u0105 <\/span>w lutym nast\u0119pnego roku:<\/p>\n\n\n\n<p><strong>nie p\u00f3\u017aniej ni\u017c do 31 grudnia danego roku<\/strong>&nbsp;<\/p>\n<\/div>\n\n\n\n<div class=\"wp-block-column is-layout-flow wp-block-column-is-layout-flow\">\n<p>na sesj\u0119 <span style=\"background-color:#fcb900\" class=\"has-inline-background\">jesienn\u0105 <\/span>w pa\u017adzierniku danego roku:<\/p>\n\n\n\n<p><strong>nie p\u00f3\u017aniej ni\u017c do 31 sierpnia danego roku<\/strong>&nbsp;<\/p>\n<\/div>\n<\/div>\n\n\n\n<p class=\"has-very-dark-gray-color has-light-green-cyan-background-color has-text-color has-background\">Osoba, kt\u00f3ra zda\u0142a egzaminy eksternistyczne z kszta\u0142cenia og\u00f3lnego dla szko\u0142y bran\u017cowej II stopnia&nbsp;ze wszystkich obowi\u0105zkowych zaj\u0119\u0107 edukacyjnych otrzymuje za\u015bwiadczenie wydane przez OKE w Jaworznie.<\/p>\n<div class=\"pdfprnt-buttons pdfprnt-buttons-page pdfprnt-bottom-left\"><a href=\"https:\/\/oke.jaworzno.pl\/www3\/wp-json\/wp\/v2\/pages\/2854?print=pdf\" class=\"pdfprnt-button pdfprnt-button-pdf\" target=\"_blank\" ><span class=\"pdfprnt-button-title pdfprnt-button-pdf-title\">Wersja do druku<\/span><\/a><\/div>","protected":false},"excerpt":{"rendered":"<p>Warunki dopuszczenia do egzamin\u00f3w eksternistycznych oraz warunki i tryb przeprowadzenia egzamin\u00f3w reguluje Rozporz\u0105dzenie Ministra Edukacji Narodowej z dnia 30 sierpnia&#46;&#46;&#46;<\/p>\n","protected":false},"author":6,"featured_media":0,"parent":0,"menu_order":0,"comment_status":"closed","ping_status":"closed","template":"","meta":{"_editorskit_title_hidden":false,"_editorskit_reading_time":9,"_editorskit_is_block_options_detached":false,"_editorskit_block_options_position":"{}","footnotes":""},"class_list":["post-2854","page","type-page","status-publish","hentry"],"publishpress_future_workflow_manual_trigger":{"enabledWorkflows":[]},"_links":{"self":[{"href":"https:\/\/oke.jaworzno.pl\/www3\/wp-json\/wp\/v2\/pages\/2854","targetHints":{"allow":["GET"]}}],"collection":[{"href":"https:\/\/oke.jaworzno.pl\/www3\/wp-json\/wp\/v2\/pages"}],"about":[{"href":"https:\/\/oke.jaworzno.pl\/www3\/wp-json\/wp\/v2\/types\/page"}],"author":[{"embeddable":true,"href":"https:\/\/oke.jaworzno.pl\/www3\/wp-json\/wp\/v2\/users\/6"}],"replies":[{"embeddable":true,"href":"https:\/\/oke.jaworzno.pl\/www3\/wp-json\/wp\/v2\/comments?post=2854"}],"version-history":[{"count":7,"href":"https:\/\/oke.jaworzno.pl\/www3\/wp-json\/wp\/v2\/pages\/2854\/revisions"}],"predecessor-version":[{"id":9055,"href":"https:\/\/oke.jaworzno.pl\/www3\/wp-json\/wp\/v2\/pages\/2854\/revisions\/9055"}],"wp:attachment":[{"href":"https:\/\/oke.jaworzno.pl\/www3\/wp-json\/wp\/v2\/media?parent=2854"}],"curies":[{"name":"wp","href":"https:\/\/api.w.org\/{rel}","templated":true}]}}