{"id":626,"date":"2019-12-03T10:59:41","date_gmt":"2019-12-03T09:59:41","guid":{"rendered":"https:\/\/oke.jaworzno.pl\/www3\/?page_id=626"},"modified":"2026-03-27T07:35:32","modified_gmt":"2026-03-27T06:35:32","slug":"formula-2019","status":"publish","type":"page","link":"https:\/\/oke.jaworzno.pl\/www3\/ez\/formula-2019\/","title":{"rendered":"Formu\u0142a 2019 &#8211; Informacja o egzaminie"},"content":{"rendered":"\n<p>Z dniem 1 wrze\u015bnia 2019 r. wesz\u0142y w \u017cycie przepisy wprowadzaj\u0105ce egzamin zawodowy, do kt\u00f3rego obowi\u0105zuje nowa podstawa programowa kszta\u0142cenia w zawodach szkolnictwa bran\u017cowego z 16 maja 2019 r.<\/p>\n\n\n\n<p>Dla os\u00f3b, kt\u00f3re kszta\u0142c\u0105 si\u0119 wg podstawy programowej obowi\u0105zuj\u0105cej od 1 wrze\u015bnia 2019 r., przeprowadzany jest&nbsp; egzamin w formule 2019.<\/p>\n\n\n\n<p><strong>Najwa\u017cniejsze zmiany w formule 2019 egzaminu&nbsp;<\/strong>w odniesieniu do egzamin\u00f3w przeprowadzanych&nbsp; w&nbsp;formu\u0142ach 2012 i 2017 to:<\/p>\n\n\n\n<ul class=\"wp-block-list\">\n<li>inne podstawy programowe, a tym samym inne kwalifikacje oraz zawody, w kt\u00f3rych przeprowadzany jest egzamin,<\/li>\n\n\n\n<li>obowi\u0105zkowo\u015b\u0107 egzaminu dla uczni\u00f3w i s\u0142uchaczy \u2013 nieprzyst\u0105pienie do egzaminu skutkuje nieotrzymaniem \u015bwiadectwa uko\u0144czenia danego roku szkolnego lub semestru,<\/li>\n\n\n\n<li>cz\u0119\u015b\u0107 pisemna egzaminu przeprowadzana wy\u0142\u0105cznie przy komputerze, za wyj\u0105tkiem os\u00f3b wnioskuj\u0105cych o dostawanie warunk\u00f3w przeprowadzania egzaminu,<\/li>\n\n\n\n<li>jawno\u015b\u0107 zada\u0144 w cz\u0119\u015bci praktycznej egzaminu&nbsp; we wskazanych kwalifikacjach.<\/li>\n<\/ul>\n\n\n\n<p><strong>PRZYST\u0118PUJ\u0104CY DO EGZAMINU<\/strong><\/p>\n\n\n\n<p>Egzamin zawodowy jest przeprowadzany dla uczni\u00f3w, absolwent\u00f3w szk\u00f3\u0142, os\u00f3b, kt\u00f3re uko\u0144czy\u0142y kwalifikacyjny kurs zawodowy, os\u00f3b doros\u0142ych, kt\u00f3re uko\u0144czy\u0142y praktyczn\u0105 nauk\u0119 doros\u0142ych lub przyuczenie do pracy doros\u0142ych oraz os\u00f3b przyst\u0119puj\u0105cych do egzaminu eksternistycznego zawodowego, kt\u00f3rzy rozpocz\u0119li nauk\u0119 nie wcze\u015bniej \u200eni\u017c 1 wrze\u015bnia 2019 r.<\/p>\n\n\n\n<p>Do egzaminu zawodowego wg podstawy programowej kszta\u0142cenia w zawodach szkolnictwa bran\u017cowego z 2019 r.:<\/p>\n\n\n\n<ol class=\"wp-block-list\">\n<li><strong>przyst\u0119puj\u0105&nbsp;<\/strong>uczniowie bran\u017cowych szk\u00f3\u0142 I stopnia nieb\u0119d\u0105cy m\u0142odocianymi pracownikami oraz uczniowie b\u0119d\u0105cy m\u0142odocianymi pracownikami zatrudnionymi w celu przygotowania zawodowego u pracodawcy nieb\u0119d\u0105cego rzemie\u015blnikiem<\/li>\n\n\n\n<li><strong>przyst\u0119puj\u0105&nbsp;<\/strong>uczniowie technik\u00f3w oraz s\u0142uchacze bran\u017cowych szk\u00f3\u0142 II stopnia i szk\u00f3\u0142 policealnych,<\/li>\n\n\n\n<li><strong>mog\u0105 przyst\u0105pi\u0107<\/strong>&nbsp;uczniowie bran\u017cowych szk\u00f3\u0142 I stopnia b\u0119d\u0105cy m\u0142odocianymi pracownikami zatrudnionymi w celu przygotowania zawodowego u pracodawcy b\u0119d\u0105cego rzemie\u015blnikiem<\/li>\n\n\n\n<li><strong>mog\u0105 przyst\u0105pi\u0107&nbsp;<\/strong>absolwenci bran\u017cowych szk\u00f3\u0142 I stopnia, bran\u017cowych szk\u00f3\u0142 II stopnia, technik\u00f3w i szk\u00f3\u0142 policealnych<\/li>\n\n\n\n<li><strong>mog\u0105 przyst\u0105pi\u0107<\/strong>&nbsp;absolwenci szk\u00f3\u0142 ponadgimnazjalnych: zasadniczych szk\u00f3\u0142 zawodowych i technik\u00f3w<\/li>\n\n\n\n<li><strong>mog\u0105 przyst\u0105pi\u0107&nbsp;<\/strong>osoby, kt\u00f3re uko\u0144czy\u0142y kwalifikacyjny kurs zawodowy<\/li>\n\n\n\n<li><strong>mog\u0105 przyst\u0105pi\u0107<\/strong> osoby doros\u0142e, kt\u00f3re uko\u0144czy\u0142y praktyczn\u0105 nauk\u0119 zawodu doros\u0142ych lub przyuczenie do pracy doros\u0142ych, o kt\u00f3rych mowa odpowiednio w art. 53c i art. 53d ustawy z dnia 20 kwietnia 2004 r. o promocji zatrudnienia i instytucjach rynku pracy (Dz. U. z 2018 r. poz. 1265, z p\u00f3\u017an. zm.), je\u017celi program przyuczenia do pracy uwzgl\u0119dnia\u0142 wymagania okre\u015blone w podstawie programowej kszta\u0142cenia w zawodzie szkolnictwa bran\u017cowego lub podstawie programowej kszta\u0142cenia w zawodach,<\/li>\n\n\n\n<li><strong>mog\u0105 przyst\u0105pi\u0107&nbsp;<\/strong>osoby spe\u0142niaj\u0105ce warunki dopuszczenia do egzaminu eksternistycznego zawodowego<\/li>\n<\/ol>\n\n\n\n<p><strong>Uwaga<\/strong>. W przypadkach 1) i 2) nieprzyst\u0105pienie do egzaminu skutkuje nieotrzymaniem \u015bwiadectwa uko\u0144czenia danego roku szkolnego lub semestru. Dyrektor szko\u0142y informuje uczni\u00f3w i s\u0142uchaczy (uczni\u00f3w bran\u017cowych szk\u00f3\u0142 I stopnia nieb\u0119d\u0105cych m\u0142odocianymi pracownikami, uczni\u00f3w b\u0119d\u0105cych m\u0142odocianymi pracownikami zatrudnionymi w celu przygotowania zawodowego u pracodawcy nieb\u0119d\u0105cego rzemie\u015blnikiem oraz uczni\u00f3w technik\u00f3w oraz s\u0142uchaczy bran\u017cowych szk\u00f3\u0142 II stopnia i szk\u00f3\u0142 policealnych) o&nbsp;obowi\u0105zku przyst\u0105pienia do egzaminu zawodowego odpowiednio w danym roku szkolnym lub danym semestrze.<\/p>\n\n\n\n<p><strong>CO SPRAWDZA EGZAMIN ZAWODOWY?<\/strong><\/p>\n\n\n\n<p>Egzamin zawodowy jest \u200eform\u0105 oceny poziomu opanowania \u200eprzez osoby wiadomo\u015bci i umiej\u0119tno\u015bci z zakresu \u200ejednej kwalifikacji wyodr\u0119bnionej w \u200ezawodzie, ustalonych w podstawie programowej kszta\u0142cenia w zawodzie szkolnictwa bran\u017cowego.<\/p>\n\n\n\n<p>Egzamin zawodowy jest przeprowadzany na podstawie wymaga\u0144 okre\u015blonych w podstawie&nbsp;programowej kszta\u0142cenia w zawodzie szkolnictwa bran\u017cowego.<\/p>\n\n\n\n<p>Centralna Komisja Egzaminacyjna publikuje informatory dotycz\u0105ce egzaminu \u200ezawodowego, kt\u00f3re zawieraj\u0105 m.in. \u200eprzyk\u0142adowe pytania i \u200ezadania egzaminacyjne.<\/p>\n\n\n\n<p><strong>TERMINY<\/strong><\/p>\n\n\n\n<p>Szczeg\u00f3\u0142owy&nbsp;<strong>harmonogram&nbsp;<\/strong>publikowany jest w Komunikacie dyrektora CKE dost\u0119pnym&nbsp;<a href=\"https:\/\/cke.gov.pl\/egzamin-zawodowy\/egzamin-zawodowy-formula-2019\/harmonogramy-komunikaty-i-informacje\/\" class=\"ek-link\">tutaj<\/a>.<\/p>\n\n\n\n<p><strong>ZG\u0141OSZENIE NA EGZAMIN<\/strong><\/p>\n\n\n\n<p>Uczniowie,&nbsp; s\u0142uchacze, absolwenci, osoby, kt\u00f3re uko\u0144czy\u0142y kwalifikacyjny kurs zawodowy, sk\u0142adaj\u0105 deklaracje przyst\u0105pienia nie p\u00f3\u017aniej ni\u017c do :<\/p>\n\n\n\n<ol class=\"wp-block-list\">\n<li>&nbsp;<strong>dnia 15 wrze\u015bnia<\/strong>&nbsp;\u2013 je\u017celi przyst\u0119puj\u0105 do egzaminu zawodowego, kt\u00f3rego termin g\u0142\u00f3wny zosta\u0142 okre\u015blony w komunikacie, mi\u0119dzy 2 listopada a 28 lutego danego roku szkolnego;<\/li>\n\n\n\n<li><strong>dnia 7 lutego<\/strong>&nbsp;\u2013 je\u017celi przyst\u0119puj\u0105 do egzaminu zawodowego, kt\u00f3rego termin g\u0142\u00f3wny zosta\u0142 okre\u015blony w komunikacie, mi\u0119dzy 1 kwietnia a 31 sierpnia danego roku szkolnego.<\/li>\n<\/ol>\n\n\n\n<p>Osoby uczestnicz\u0105ce&nbsp; w kwalifikacyjnym kursie zawodowym, kt\u00f3ry ko\u0144czy si\u0119 nie p\u00f3\u017aniej ni\u017c na sze\u015b\u0107 tygodni przed pierwszym dniem terminu g\u0142\u00f3wnego egzaminu zawodowego, r\u00f3wnie\u017c sk\u0142adaj\u0105 deklaracj\u0119 nie p\u00f3\u017aniej ni\u017c do:<\/p>\n\n\n\n<ol class=\"wp-block-list\">\n<li><strong>dnia 15 wrze\u015bnia<\/strong>&nbsp;\u2013 je\u017celi przyst\u0119puj\u0105 do egzaminu zawodowego, kt\u00f3rego termin g\u0142\u00f3wny zosta\u0142 okre\u015blony w komunikacie, mi\u0119dzy 2 listopada a 28 lutego danego roku szkolnego;<\/li>\n\n\n\n<li><strong>dnia 7 lutego<\/strong>&nbsp;\u2013 je\u017celi przyst\u0119puj\u0105 do egzaminu zawodowego, kt\u00f3rego termin g\u0142\u00f3wny zosta\u0142 okre\u015blony w komunikacie, mi\u0119dzy 1 kwietnia a 31 sierpnia danego roku szkolnego.<\/li>\n<\/ol>\n\n\n\n<p>Natomiast osoby przyst\u0119puj\u0105ce do egzaminu w trybie eksternistycznym sk\u0142adaj\u0105 wniosek o \u200edopuszczenie do egzaminu do 7 lutego (je\u015bli zamierzaj\u0105 przyst\u0105pi\u0107 do egzaminu w danym \u200eroku) lub do 15 wrze\u015bnia (je\u015bli zamierzaj\u0105 przyst\u0105pi\u0107 w roku kolejnym).\u200e<\/p>\n\n\n\n<p><strong>FORMU\u0141A EGZAMINU<\/strong><\/p>\n\n\n\n<p><strong>\u200e<\/strong>Egzamin zawodowy sk\u0142ada si\u0119 z cz\u0119\u015bci pisemnej i cz\u0119\u015bci praktycznej.<\/p>\n\n\n\n<p>Cz\u0119\u015b\u0107 pisemna jest przeprowadzana w formie testu pisemnego z wykorzystaniem elektronicznego systemu przeprowadzania egzaminu zawodowego \u2013 tj. przy komputerze.<\/p>\n\n\n\n<p>Cz\u0119\u015b\u0107 pisemna trwa 60 minut i przeprowadzana jest w&nbsp;formie testu sk\u0142adaj\u0105cego si\u0119 z 40 zada\u0144 zamkni\u0119tych zawieraj\u0105cych cztery odpowiedzi do wyboru, z kt\u00f3rych tylko jedna odpowied\u017a jest prawid\u0142owa.<\/p>\n\n\n\n<p>Dla os\u00f3b, kt\u00f3re wymagaj\u0105 dostosowania warunk\u00f3w i formy przeprowadzania egzaminu, egzamin mo\u017ce odby\u0107 si\u0119 z wykorzystaniem arkusza egzaminacyjnego w postaci wydrukowanej.<\/p>\n\n\n\n<p>Cz\u0119\u015b\u0107 praktyczna egzaminu zawodowego polega na wykonaniu zadania lub zada\u0144 egzaminacyjnych, kt\u00f3rych rezultatem jest wyr\u00f3b, us\u0142uga lub dokumentacja. Cz\u0119\u015b\u0107 praktyczna trwa nie kr\u00f3cej ni\u017c 120 minut i nie d\u0142u\u017cej ni\u017c 240 minut i jest \u200e\u200eprzeprowadzana w formie testu praktycznego, polegaj\u0105cego na wykonaniu przez zdaj\u0105cego \u200e\u200ezadania egzaminacyjnego zawartego w arkuszu egzaminacyjnym na stanowisku \u200e\u200eegzaminacyjnym. Czas trwania cz\u0119\u015bci praktycznej egzaminu zawodowego dla konkretnej \u200ekwalifikacji okre\u015blony \u200ejest w&nbsp;informatorze.\u200e Dodatkowo na zapoznanie si\u0119 z tre\u015bci\u0105 zadania egzaminacyjnego zawartego w&nbsp;arkuszu \u200eegzaminacyjnym \u200eoraz z wyposa\u017ceniem stanowiska egzaminacyjnego zdaj\u0105cy ma 10&nbsp;minut, \u200ekt\u00f3rych nie wlicza \u200esi\u0119 do czasu trwania cz\u0119\u015bci praktycznej egzaminu zawodowego.<\/p>\n\n\n\n<p><strong>OP\u0141ATY<\/strong><\/p>\n\n\n\n<p>Egzamin jest bezp\u0142atny dla uczni\u00f3w i s\u0142uchaczy.<\/p>\n\n\n\n<p>Op\u0142at\u0119 wnosz\u0105:<\/p>\n\n\n\n<ul class=\"wp-block-list\">\n<li>absolwenci szk\u00f3\u0142 i KKZ, kt\u00f3rzy przyst\u0119puj\u0105 do egzaminu po raz trzeci i kolejny,<\/li>\n\n\n\n<li>osoby przyst\u0119puj\u0105ce do egzaminu eksternistycznego zawodowego,<\/li>\n\n\n\n<li>m\u0142odociani pracownicy, przy czym pracodawca zatrudniaj\u0105cy m\u0142odocianych pokrywa koszty przeprowadzenia egzamin\u00f3w zdawanych w pierwszym wyznaczonym terminie i mo\u017ce pokry\u0107 koszty egzaminu poprawkowego,<\/li>\n\n\n\n<li>osoby doros\u0142e, kt\u00f3re uko\u0144czy\u0142y praktyczn\u0105 nauk\u0119 zawodu doros\u0142ych lub przyuczenie do pracy doros\u0142ych,<\/li>\n<\/ul>\n\n\n\n<p>Op\u0142ata pobierana za egzamin (351,84 z\u0142 za ca\u0142o\u015b\u0107 egzaminu) wynosi 5,5% minimalnej stawki wynagrodzenia zasadniczego nauczyciela dyplomowanego posiadaj\u0105cego tytu\u0142 zawodowy magistra z przygotowaniem pedagogicznym. W przypadku powtarzania tylko jednej cz\u0119\u015bci \u200eegzaminu op\u0142ata wynosi:<\/p>\n\n\n\n<ul class=\"wp-block-list\">\n<li>w przypadku cz\u0119\u015bci pisemnej \u2013 1\/3 wysoko\u015bci op\u0142aty (117,28 z\u0142)<\/li>\n\n\n\n<li>w przypadku cz\u0119\u015bci praktycznej \u2013 2\/3 wysoko\u015bci op\u0142aty (234,56 z\u0142)<\/li>\n<\/ul>\n\n\n\n<p>Dyrektor okr\u0119gowej komisji egzaminacyjnej ustala i publikuje na swojej stronie internetowej wysoko\u015b\u0107 op\u0142aty.<\/p>\n\n\n\n<p><strong>LAUREACI<\/strong><\/p>\n\n\n\n<p>Laureaci i finali\u015bci turniej\u00f3w i olimpiad tematycznie zwi\u0105zanych z wybran\u0105 dziedzin\u0105 wiedzy s\u0105 zwolnieni z cz\u0119\u015bci pisemnej egzaminu zawodowego i&nbsp; na certyfikacie kwalifikacji zawodowej otrzymuj\u0105 najwy\u017cszy \u200ewynik.\u200e<\/p>\n\n\n\n<p>Wykaz turniej\u00f3w lub olimpiad tematycznych zwi\u0105zanych z wybranym przedmiotem lub dziedzin\u0105 wiedzy, uprawniaj\u0105cych do zwolnienia z przyst\u0105pienia do cz\u0119\u015bci pisemnej egzaminu zawodowego, og\u0142aszany jest przez ministra w\u0142a\u015bciwego spraw o\u015bwiaty i wychowania (Ministra Edukacji Narodowej) w Biuletynie Informacji Publicznej nie p\u00f3\u017aniej ni\u017c na 2 lata przed terminem ich przeprowadzania.<\/p>\n\n\n\n<p><strong>DOSTOSOWANIE WARUNK\u00d3W EGZAMINU&nbsp;<\/strong>\u2013 na podstawie \u200e\u200eodpowiednich dokument\u00f3w \u2013 przys\u0142uguje osobom:\u200e<\/p>\n\n\n\n<ol class=\"wp-block-list\">\n<li>nies\u0142ysz\u0105cym<\/li>\n\n\n\n<li>s\u0142abos\u0142ysz\u0105cym<\/li>\n\n\n\n<li>s\u0142abowidz\u0105cym<\/li>\n\n\n\n<li>z niepe\u0142nosprawno\u015bci\u0105 ruchow\u0105 i z czasow\u0105 niesprawno\u015bci\u0105 r\u0105k<\/li>\n\n\n\n<li>z afazj\u0105<\/li>\n\n\n\n<li>z niepe\u0142nosprawno\u015bci\u0105 intelektualn\u0105 w stopniu lekkim<\/li>\n\n\n\n<li>z autyzmem, w tym z zespo\u0142em Aspergera<\/li>\n\n\n\n<li>z chorobami przewlek\u0142ymi<\/li>\n\n\n\n<li>chorym lub niesprawnym czasowo<\/li>\n\n\n\n<li>ze specyficznymi trudno\u015bciami w uczeniu si\u0119<\/li>\n\n\n\n<li>z niedostosowaniem spo\u0142ecznym lub zagro\u017ceniem niedostosowaniem spo\u0142ecznym<\/li>\n\n\n\n<li>kt\u00f3re znalaz\u0142y si\u0119 w sytuacji kryzysowej lub traumatycznej<\/li>\n\n\n\n<li>kt\u00f3re maj\u0105 trudno\u015bci adaptacyjne zwi\u0105zane z wcze\u015bniejszym kszta\u0142ceniem za granic\u0105<\/li>\n\n\n\n<li>z zaburzeniami komunikacji j\u0119zykowej.<\/li>\n<\/ol>\n\n\n\n<p>Dla ucznia, s\u0142uchacza albo absolwenta, o kt\u00f3rym mowa w&nbsp; ww. pkt. 1-14 nie przygotowuje si\u0119 odr\u0119bnych arkuszy egzaminacyjnych.<\/p>\n\n\n\n<p>Dostosowanie warunk\u00f3w i formy egzaminu zawodowego \u2013 na podstawie \u200e\u200eodpowiednich dokument\u00f3w \u2013 przys\u0142uguje niewidomym.<\/p>\n\n\n\n<p>Szczeg\u00f3\u0142owe sposoby dostosowania s\u0105 wymienione w komunikacie dyrektora CKE, kt\u00f3ry publikowany jest nie p\u00f3\u017aniej ni\u017c do 20 sierpnia roku szkolnego, poprzedzaj\u0105cego rok szkolny, w kt\u00f3rym jest przeprowadzany egzamin zawodowy.<\/p>\n\n\n\n<p><strong>WYNIKI I DOKUMENTY<\/strong><\/p>\n\n\n\n<p>Aby zda\u0107 egzamin zawodowy, nale\u017cy uzyska\u0107:\u200e<\/p>\n\n\n\n<ol class=\"wp-block-list\">\n<li>\u200ez cz\u0119\u015bci pisemnej \u2013 co najmniej 50% punkt\u00f3w mo\u017cliwych do uzyskania (czyli minimum \u200e\u200e20 punkt\u00f3w), oraz\u200e \u200e<\/li>\n\n\n\n<li>z cz\u0119\u015bci praktycznej \u2013 co najmniej 75% punkt\u00f3w mo\u017cliwych do uzyskania. \u200e<\/li>\n<\/ol>\n\n\n\n<p>Wynik egzaminu zawodowego ustala i przekazuje komisja okr\u0119gowa.<\/p>\n\n\n\n<p>Zdaj\u0105cy, kt\u00f3ry zda\u0142 egzamin zawodowy w danym zawodzie, otrzymuje \u200e\u200ecertyfikat kwalifikacji zawodowej, wydany przez komisj\u0119 okr\u0119gow\u0105.<\/p>\n\n\n\n<p>Osoba, kt\u00f3ra posiada \u200e\u200ecertyfikaty kwalifikacji zawodowej \u200epotwierdzaj\u0105ce wszystkie kwalifikacje wyodr\u0119bnione w \u200edanym zawodzie oraz posiada \u200eodpowiedni poziom wykszta\u0142cenia, otrzymuje dyplom &nbsp;zawodowy. Na wniosek absolwenta do dyplomu \u200ezawodowego do\u0142\u0105cza si\u0119 \u200eEuropass \u2013 Suplement do Dyplomu \u200e Zawodowego, kt\u00f3ry stanowi uzupe\u0142nienie informacji zawartych \u200ew dyplomie i ma za zadanie u\u0142atwi\u0107 ich lepsze zrozumienie, przede wszystkim przez \u200epracodawc\u00f3w i instytucje zagraniczne.<\/p>\n\n\n\n<p>Dyplomy i suplementy do dyplom\u00f3w&nbsp; wydaj\u0105 okr\u0119gowe komisje egzaminacyjne.<\/p>\n\n\n\n<p>Zdaj\u0105cy, kt\u00f3ry nie zda\u0142 egzaminu zawodowego, otrzymuje informacj\u0119 o wynikach.<\/p>\n\n\n\n<p>Dla zdaj\u0105cych, kt\u00f3rzy zdali egzaminy zawodowe ze wszystkich kwalifikacji (wszystkie wed\u0142ug formu\u0142y 2019) wyodr\u0119bnionych w danym zawodzie, dyrektor okr\u0119gowej komisji egzaminacyjnej ustala ko\u0144cowy wynik egzamin\u00f3w zawodowych.<\/p>\n\n\n\n<p>W przypadku zdania&nbsp; egzamin\u00f3w ze wszystkich kwalifikacji wyodr\u0119bnionych w danym zawodzie, ale w r\u00f3\u017cnych formu\u0142ach egzaminu, np. 2012, 2017 i 2019 \u2013 minister w\u0142a\u015bciwy do spraw o\u015bwiaty i wychowania okre\u015bli w drodze rozporz\u0105dzenia szczeg\u00f3\u0142owe warunki wydawania dyplomu zawodowego.<\/p>\n<div class=\"pdfprnt-buttons pdfprnt-buttons-page pdfprnt-bottom-left\"><a href=\"https:\/\/oke.jaworzno.pl\/www3\/wp-json\/wp\/v2\/pages\/626?print=pdf\" class=\"pdfprnt-button pdfprnt-button-pdf\" target=\"_blank\" ><span class=\"pdfprnt-button-title pdfprnt-button-pdf-title\">Wersja do druku<\/span><\/a><\/div>","protected":false},"excerpt":{"rendered":"<p>Z dniem 1 wrze\u015bnia 2019 r. wesz\u0142y w \u017cycie przepisy wprowadzaj\u0105ce egzamin zawodowy, do kt\u00f3rego obowi\u0105zuje nowa podstawa programowa kszta\u0142cenia&#46;&#46;&#46;<\/p>\n","protected":false},"author":1,"featured_media":0,"parent":23,"menu_order":0,"comment_status":"closed","ping_status":"closed","template":"","meta":{"_editorskit_title_hidden":false,"_editorskit_reading_time":5,"_editorskit_is_block_options_detached":false,"_editorskit_block_options_position":"{}","footnotes":""},"class_list":["post-626","page","type-page","status-publish","hentry"],"publishpress_future_workflow_manual_trigger":{"enabledWorkflows":[]},"_links":{"self":[{"href":"https:\/\/oke.jaworzno.pl\/www3\/wp-json\/wp\/v2\/pages\/626","targetHints":{"allow":["GET"]}}],"collection":[{"href":"https:\/\/oke.jaworzno.pl\/www3\/wp-json\/wp\/v2\/pages"}],"about":[{"href":"https:\/\/oke.jaworzno.pl\/www3\/wp-json\/wp\/v2\/types\/page"}],"author":[{"embeddable":true,"href":"https:\/\/oke.jaworzno.pl\/www3\/wp-json\/wp\/v2\/users\/1"}],"replies":[{"embeddable":true,"href":"https:\/\/oke.jaworzno.pl\/www3\/wp-json\/wp\/v2\/comments?post=626"}],"version-history":[{"count":8,"href":"https:\/\/oke.jaworzno.pl\/www3\/wp-json\/wp\/v2\/pages\/626\/revisions"}],"predecessor-version":[{"id":9484,"href":"https:\/\/oke.jaworzno.pl\/www3\/wp-json\/wp\/v2\/pages\/626\/revisions\/9484"}],"up":[{"embeddable":true,"href":"https:\/\/oke.jaworzno.pl\/www3\/wp-json\/wp\/v2\/pages\/23"}],"wp:attachment":[{"href":"https:\/\/oke.jaworzno.pl\/www3\/wp-json\/wp\/v2\/media?parent=626"}],"curies":[{"name":"wp","href":"https:\/\/api.w.org\/{rel}","templated":true}]}}